{"id":682,"date":"2015-11-30T20:09:46","date_gmt":"2015-11-30T19:09:46","guid":{"rendered":"http:\/\/annemynard.eu\/conditions-generales-de-vente\/"},"modified":"2017-10-10T09:41:57","modified_gmt":"2017-10-10T08:41:57","slug":"conditions-generales-de-vente","status":"publish","type":"page","link":"https:\/\/annemynard.eu\/en\/conditions-generales-de-vente\/","title":{"rendered":"Conditions G\u00e9n\u00e9rales d&#8217;Utilisation du Site"},"content":{"rendered":"<p>CG d\u2019Utilisation (CGU) du Site du Cabinet d&#8217;Avocat Ma\u00eetre Anne MYNARD par l\u2019Internaute<\/p>\n<p>Sommaire :<br \/>\n1. G\u00e9n\u00e9ralit\u00e9s, mentions l\u00e9gales<br \/>\n2. Objet, responsabilit\u00e9<br \/>\n3. Utilisation<br \/>\n4. Acceptation de l\u2019internaute<br \/>\n5. Protection des donn\u00e9es \u00e0 caract\u00e8re personnel<br \/>\n6. Propri\u00e9t\u00e9 du site et de son contenu<br \/>\n7. Date d\u2019application des CG<\/p>\n<p>1. Le pr\u00e9sent site est r\u00e9gi par le droit fran\u00e7ais et les dispositions l\u00e9gales y aff\u00e9rentes sp\u00e9cialement les lois n\u00b0 78-17 du 6 janvier 1978 <em>relative \u00e0 l\u2019informatique, aux fichiers aux libert\u00e9s<\/em> ou \u00ab <em>loi informatique et des Libert\u00e9s<\/em> \u00bb, n\u00b0 2004-575 du 21 juin 2004 dite \u00ab <em>Confiance dans l\u2019Economie num\u00e9rique<\/em> \u00bb, n\u00b02004-801 du 6 ao\u00fbt 2004 et n\u00b0 2011-334 du 29 mars 2011.<br \/>\nLe pr\u00e9sent site a fait l&#8217;objet d&#8217;une d\u00e9claration aupr\u00e8s de la CNIL.<\/p>\n<p>Le site http:\/\/annemynard.eu et l\u2019ensemble des \u00e9l\u00e9ments qui le compose, sont la propri\u00e9t\u00e9 de Ma\u00eetre Anne MYNARD<br \/>\nAVOCAT, 52, rue de la R\u00e9publique<br \/>\nF- 69 002 LYON<br \/>\nT\u00e9l 33 (0)4 72 40 27 69 ; Fax 33 (0)4 72 40 22 58<br \/>\nEmail : annemynard@wanadoo.fr<br \/>\nanne.mynard@avocat-conseil.fr<\/p>\n<p>Avocat inscrit aupr\u00e8s de l\u2019Ordre des Avocats du Barreau de LYON, ayant pour num\u00e9ro de Toque 465 et immatricul\u00e9 sous le num\u00e9ro SIREN\u00a0394 308 399<br \/>\ndomicili\u00e9, 52 rue de la R\u00e9publique \u00e0 F-69 002 LYON<\/p>\n<p>Toute copie reproduction ou extraction ou traduction partielle ou totale est interdite, sauf autorisation pr\u00e9alable expresse et \u00e9crite de Ma\u00eetre Anne MYNARD, sauf exception l\u00e9gale en la mati\u00e8re.<\/p>\n<p>Le pr\u00e9sent site est h\u00e9berg\u00e9 par STRATO AG, Pascalstrasse 10, D- 10 587 BERLIN, Allemagne.<\/p>\n<p>2. Objet, responsabilit\u00e9<br \/>\nL\u2019objet de ce site de pr\u00e9senter d\u2019un point de vue g\u00e9n\u00e9ral et sans exhaustivit\u00e9 le Cabinet d\u2019Avocat Ma\u00eetre Anne MYNARD et ses prestations.<br \/>\nLe contenu et les informations sur ce site ne constituent pas une consultation juridique ou un conseil ou une sollicitation ou une offre de service.<br \/>\nLes utilisateurs souhaitant obtenir des informations plus pr\u00e9cises, adapt\u00e9es et actuelles prendront contact directement avec le Cabinet d\u2019Avocat Ma\u00eetre Anne MYNARD.<\/p>\n<p>Le site renvoie parfois \u00e0 d\u2019autres appartenant \u00e0 des tiers via des liens hypertextes publi\u00e9s ou via d\u2019autres supports et met \u00e0 disposition des utilisateurs certains documents. Ces sites tiers, leur contenu, leurs informations, accessibles \u00e0 partir du pr\u00e9sent site, engagent la responsabilit\u00e9 exclusive de leur(s) auteur(s) et ne saurait engager celle du site du Cabinet d\u2019Avocat Ma\u00eetre Anne MYNARD.<\/p>\n<p>3. Ce site est destin\u00e9 \u00e0 l\u2019usage priv\u00e9 de chaque utilisateur.<br \/>\nL\u2019utilisation des \u00e9l\u00e9ments sur le site est seulement autoris\u00e9e \u00e0 des fins d\u2019information de l\u2019Internaute.<\/p>\n<p>L\u2019utilisation du contenu du pr\u00e9sent site se fait sous la responsabilit\u00e9 de chaque Internaute.<br \/>\nLa responsabilit\u00e9 du Cabinet ne saurait \u00eatre engag\u00e9e en cas de dommage direct ou indirect lors de l\u2019utilisation de ce site ou de ses informations.<\/p>\n<p>Le Cabinet d\u2019Avocat Ma\u00eetre Anne MYNARD s\u2019efforce de rendre son site accessible de mani\u00e8re continue. Toutefois, sa responsabilit\u00e9 ne saurait \u00eatre engag\u00e9e en cas d\u2019irruption ou de bogue.<\/p>\n<p>4. Acceptation de l\u2019utilisateur<br \/>\nEn acc\u00e9dant ou utilisant le site, l\u2019Internaute d\u00e9clare qu\u2019il a pris connaissance des pr\u00e9sentes Conditions et les accepte.<\/p>\n<p>5. Protection des donn\u00e9es \u00e0 caract\u00e8re personnel<br \/>\nConform\u00e9ment aux dispositions l\u00e9gales pr\u00e9cit\u00e9es, le Cabinet d\u2019Avocat Ma\u00eetre Anne MYNARD est responsable des donn\u00e9es \u00e0 caract\u00e8re personnel collect\u00e9es ou trait\u00e9es \u00e0 partir de son site internet.<br \/>\nLe traitement automatis\u00e9 des donn\u00e9es \u00e0 caract\u00e8re personnel fait l\u2019objet d\u2019une d\u00e9claration aupr\u00e8s de la CNIL.<\/p>\n<p>Ces donn\u00e9es \u00e0 caract\u00e8re personnel ou informations relatives \u00e0 une personne physique identifi\u00e9e ou identifiable par un ou plusieurs \u00e9l\u00e9ments qui lui sont propres, peuvent \u00eatre collect\u00e9es via l\u2019adresse courriel ou le formulaire contact.<br \/>\nCes informations personnelles communiqu\u00e9es via le site du Cabinet d\u2019Avocat Ma\u00eetre Anne MYNARD sont uniquement destin\u00e9es au traitement des demandes ; elles ne sont conserv\u00e9es que pour la dur\u00e9e n\u00e9cessaire \u00e0 cette finalit\u00e9.<br \/>\nElles restent confidentielles selon les r\u00e8gles de la profession d\u2019Avocat.<\/p>\n<p>L\u2019Internaute peut demander la suspension du traitement de ses donn\u00e9es personnelles et dispose d\u2019un droit d\u2019acc\u00e8s, de communication, de modification ou de suppression. La copie de ses donn\u00e9es peut \u00eatre sollicit\u00e9e. Les frais engag\u00e9s par le Cabinet d\u2019Avocat Ma\u00eetre Anne MYNARD pour reproduire et transmettre ses donn\u00e9es seront r\u00e9gl\u00e9s par le demandeur.<\/p>\n<p>En cas d&#8217;apparition de cookies lors sa navigation, l&#8217;Internaute conserve la possibilit\u00e9 de d\u00e9sactiver leur utilisation sur le navigateur mais certaines fonctionnalit\u00e9s ou pages pourront alors ne plus \u00eatre accessibles.<\/p>\n<p>6. Le site et son contenu sont la propri\u00e9t\u00e9 exclusive du Cabinet de Ma\u00eetre Anne MYNARD.<br \/>\nToute reproduction ou copie est interdite sauf autorisation expresse et \u00e9crite pr\u00e9alablement.<\/p>\n<p>7. Date d\u2019application de ces Conditions g\u00e9n\u00e9rales<br \/>\nCes conditions g\u00e9n\u00e9rales sont en vigueur d\u00e8s la mise en ligne du site.<br \/>\nEn cas de modification ou d&#8217;actualisation de ces conditions g\u00e9n\u00e9rales, la nouvelle mouture prendra effet d\u00e8s la mise en ligne.<\/p>\n","protected":false},"excerpt":{"rendered":"<p>CG d\u2019Utilisation (CGU) du Site du Cabinet d&#8217;Avocat Ma\u00eetre Anne MYNARD par l\u2019Internaute Sommaire : 1. G\u00e9n\u00e9ralit\u00e9s, mentions l\u00e9gales 2. Objet, responsabilit\u00e9 3. Utilisation 4. Acceptation de l\u2019internaute 5. Protection des donn\u00e9es \u00e0 caract\u00e8re personnel 6. Propri\u00e9t\u00e9 du site et de son contenu 7. Date d\u2019application des CG 1. Le[&#8230;]<\/p>\n","protected":false},"author":1,"featured_media":0,"parent":0,"menu_order":0,"comment_status":"closed","ping_status":"closed","template":"","meta":{"footnotes":""},"class_list":["post-682","page","type-page","status-publish","hentry"],"yoast_head":"<!-- This site is optimized with the Yoast SEO plugin v20.0 - https:\/\/yoast.com\/wordpress\/plugins\/seo\/ -->\n<title>Conditions G\u00e9n\u00e9rales d&#039;Utilisation du Site - Anne Mynard<\/title>\n<meta name=\"robots\" content=\"index, follow, max-snippet:-1, max-image-preview:large, max-video-preview:-1\" \/>\n<link rel=\"canonical\" href=\"https:\/\/annemynard.eu\/en\/conditions-generales-de-vente\/\" \/>\n<meta property=\"og:locale\" content=\"en_US\" \/>\n<meta property=\"og:type\" content=\"article\" \/>\n<meta property=\"og:title\" content=\"Conditions G\u00e9n\u00e9rales d&#039;Utilisation du Site - Anne Mynard\" \/>\n<meta property=\"og:description\" content=\"CG d\u2019Utilisation (CGU) du Site du Cabinet d&#8217;Avocat Ma\u00eetre Anne MYNARD par l\u2019Internaute Sommaire : 1. G\u00e9n\u00e9ralit\u00e9s, mentions l\u00e9gales 2. Objet, responsabilit\u00e9 3. Utilisation 4. Acceptation de l\u2019internaute 5. Protection des donn\u00e9es \u00e0 caract\u00e8re personnel 6. Propri\u00e9t\u00e9 du site et de son contenu 7. Date d\u2019application des CG 1. Le[...]\" \/>\n<meta property=\"og:url\" content=\"https:\/\/annemynard.eu\/en\/conditions-generales-de-vente\/\" \/>\n<meta property=\"og:site_name\" content=\"Anne Mynard\" \/>\n<meta property=\"article:modified_time\" content=\"2017-10-10T08:41:57+00:00\" \/>\n<meta name=\"twitter:card\" content=\"summary_large_image\" \/>\n<meta name=\"twitter:label1\" content=\"Est. reading time\" \/>\n\t<meta name=\"twitter:data1\" content=\"4 minutes\" \/>\n<script type=\"application\/ld+json\" class=\"yoast-schema-graph\">{\"@context\":\"https:\/\/schema.org\",\"@graph\":[{\"@type\":\"WebPage\",\"@id\":\"https:\/\/annemynard.eu\/en\/conditions-generales-de-vente\/\",\"url\":\"https:\/\/annemynard.eu\/en\/conditions-generales-de-vente\/\",\"name\":\"Conditions G\u00e9n\u00e9rales d'Utilisation du Site - Anne Mynard\",\"isPartOf\":{\"@id\":\"https:\/\/annemynard.eu\/en\/#website\"},\"datePublished\":\"2015-11-30T19:09:46+00:00\",\"dateModified\":\"2017-10-10T08:41:57+00:00\",\"inLanguage\":\"en-US\",\"potentialAction\":[{\"@type\":\"ReadAction\",\"target\":[\"https:\/\/annemynard.eu\/en\/conditions-generales-de-vente\/\"]}]},{\"@type\":\"WebSite\",\"@id\":\"https:\/\/annemynard.eu\/en\/#website\",\"url\":\"https:\/\/annemynard.eu\/en\/\",\"name\":\"Anne Mynard\",\"description\":\"Anne Mynard, Law Firm\",\"potentialAction\":[{\"@type\":\"SearchAction\",\"target\":{\"@type\":\"EntryPoint\",\"urlTemplate\":\"https:\/\/annemynard.eu\/en\/?s={search_term_string}\"},\"query-input\":\"required name=search_term_string\"}],\"inLanguage\":\"en-US\"}]}<\/script>\n<!-- \/ Yoast SEO plugin. -->","yoast_head_json":{"title":"Conditions G\u00e9n\u00e9rales d'Utilisation du Site - Anne Mynard","robots":{"index":"index","follow":"follow","max-snippet":"max-snippet:-1","max-image-preview":"max-image-preview:large","max-video-preview":"max-video-preview:-1"},"canonical":"https:\/\/annemynard.eu\/en\/conditions-generales-de-vente\/","og_locale":"en_US","og_type":"article","og_title":"Conditions G\u00e9n\u00e9rales d'Utilisation du Site - Anne Mynard","og_description":"CG d\u2019Utilisation (CGU) du Site du Cabinet d&#8217;Avocat Ma\u00eetre Anne MYNARD par l\u2019Internaute Sommaire : 1. G\u00e9n\u00e9ralit\u00e9s, mentions l\u00e9gales 2. Objet, responsabilit\u00e9 3. Utilisation 4. Acceptation de l\u2019internaute 5. Protection des donn\u00e9es \u00e0 caract\u00e8re personnel 6. Propri\u00e9t\u00e9 du site et de son contenu 7. Date d\u2019application des CG 1. Le[...]","og_url":"https:\/\/annemynard.eu\/en\/conditions-generales-de-vente\/","og_site_name":"Anne Mynard","article_modified_time":"2017-10-10T08:41:57+00:00","twitter_card":"summary_large_image","twitter_misc":{"Est. reading time":"4 minutes"},"schema":{"@context":"https:\/\/schema.org","@graph":[{"@type":"WebPage","@id":"https:\/\/annemynard.eu\/en\/conditions-generales-de-vente\/","url":"https:\/\/annemynard.eu\/en\/conditions-generales-de-vente\/","name":"Conditions G\u00e9n\u00e9rales d'Utilisation du Site - Anne Mynard","isPartOf":{"@id":"https:\/\/annemynard.eu\/en\/#website"},"datePublished":"2015-11-30T19:09:46+00:00","dateModified":"2017-10-10T08:41:57+00:00","inLanguage":"en-US","potentialAction":[{"@type":"ReadAction","target":["https:\/\/annemynard.eu\/en\/conditions-generales-de-vente\/"]}]},{"@type":"WebSite","@id":"https:\/\/annemynard.eu\/en\/#website","url":"https:\/\/annemynard.eu\/en\/","name":"Anne Mynard","description":"Anne Mynard, Law Firm","potentialAction":[{"@type":"SearchAction","target":{"@type":"EntryPoint","urlTemplate":"https:\/\/annemynard.eu\/en\/?s={search_term_string}"},"query-input":"required name=search_term_string"}],"inLanguage":"en-US"}]}},"_links":{"self":[{"href":"https:\/\/annemynard.eu\/en\/wp-json\/wp\/v2\/pages\/682","targetHints":{"allow":["GET"]}}],"collection":[{"href":"https:\/\/annemynard.eu\/en\/wp-json\/wp\/v2\/pages"}],"about":[{"href":"https:\/\/annemynard.eu\/en\/wp-json\/wp\/v2\/types\/page"}],"author":[{"embeddable":true,"href":"https:\/\/annemynard.eu\/en\/wp-json\/wp\/v2\/users\/1"}],"replies":[{"embeddable":true,"href":"https:\/\/annemynard.eu\/en\/wp-json\/wp\/v2\/comments?post=682"}],"version-history":[{"count":1,"href":"https:\/\/annemynard.eu\/en\/wp-json\/wp\/v2\/pages\/682\/revisions"}],"predecessor-version":[{"id":685,"href":"https:\/\/annemynard.eu\/en\/wp-json\/wp\/v2\/pages\/682\/revisions\/685"}],"wp:attachment":[{"href":"https:\/\/annemynard.eu\/en\/wp-json\/wp\/v2\/media?parent=682"}],"curies":[{"name":"wp","href":"https:\/\/api.w.org\/{rel}","templated":true}]}}